{"id":492,"date":"2016-02-26T20:18:27","date_gmt":"2016-02-26T19:18:27","guid":{"rendered":"http:\/\/vernelle.fr\/?page_id=492"},"modified":"2026-03-03T15:57:03","modified_gmt":"2026-03-03T14:57:03","slug":"mentions-legales","status":"publish","type":"page","link":"https:\/\/www.vernelle.fr\/index.php\/home\/mentions-legales\/","title":{"rendered":"Mentions L\u00e9gales"},"content":{"rendered":"<div id=\"cs-content\" class=\"cs-content\"><div id=\"x-section-1\" class=\"x-section\" style=\"margin: 0px;padding: 45px 0px; background-color: transparent;\" ><div id=\"\" class=\"x-container max width\" style=\"margin: 0px auto;padding: 0px;\" ><div  class=\"x-column x-sm x-1-1\" style=\"padding: 0px;\" ><h2  class=\"h-custom-headline h3 accent\" style=\"font-family: grand hotel; font-size: 45px;\"><span>Mentions L\u00e9gales\n&nbsp;<\/span><\/h2><div  class=\"x-accordion\" ><div  class=\"x-accordion-group\" ><div class=\"x-accordion-heading\"><a id=\"tab-69f70681bd3f0\" class=\"x-accordion-toggle collapsed\" role=\"tab\" data-x-toggle=\"collapse-b\" data-x-toggleable=\"69f70681bd3f0\" aria-selected=\"false\" aria-expanded=\"false\" aria-controls=\"panel-69f70681bd3f0\"><i class='x-framework-icon x-shortcode-accordion-icon' data-x-icon-s='&#x2b;' aria-hidden=true><\/i><span>\u00c9diteur du site<\/span><\/a><\/div><div id=\"panel-69f70681bd3f0\" class=\"x-accordion-body x-collapsed\" role=\"tabpanel\" data-x-toggle-collapse=\"1\" data-x-toggleable=\"69f70681bd3f0\" aria-hidden=\"true\" aria-labelledby=\"tab-69f70681bd3f0\"><div class=\"x-accordion-inner\"><p data-start=\"500\" data-end=\"570\">Le site accessible \u00e0 l\u2019adresse <a data-start=\"531\" data-end=\"554\" rel=\"noopener\" target=\"_new\" class=\"decorated-link\" href=\"https:\/\/www.vernelle.fr\">https:\/\/www.vernelle.fr<span aria-hidden=\"true\" class=\"ms-0.5 inline-block align-middle leading-none\"><svg xmlns=\"http:\/\/www.w3.org\/2000\/svg\" width=\"20\" height=\"20\" aria-hidden=\"true\" data-rtl-flip=\"\" class=\"block h-&#091;0.75em&#093; w-&#091;0.75em&#093; stroke-current stroke-&#091;0.75&#093;\"><use href=\"\/cdn\/assets\/sprites-core-bfiuxdzr.svg#304883\" fill=\"currentColor\"><\/use><\/svg><\/span><\/a> est \u00e9dit\u00e9 par :<\/p>\n<p data-start=\"572\" data-end=\"795\">SARL Le Prieur\u00e9 de Vernelle<br data-start=\"599\" data-end=\"602\" \/>Soci\u00e9t\u00e9 \u00e0 responsabilit\u00e9 limit\u00e9e au capital de 7 500 \u20ac<br data-start=\"656\" data-end=\"659\" \/>Immatricul\u00e9e au RCS de Melun sous le num\u00e9ro 452 390 701<br data-start=\"714\" data-end=\"717\" \/>SIRET : 452 390 701 00012<br data-start=\"742\" data-end=\"745\" \/>Num\u00e9ro de TVA intracommunautaire : FR10452390701<\/p>\n<p data-start=\"797\" data-end=\"901\">Si\u00e8ge social :<br data-start=\"811\" data-end=\"814\" \/>Route d\u2019\u00c9vry<br data-start=\"826\" data-end=\"829\" \/>Lieu-dit Le Prieur\u00e9 de Vernelle<br data-start=\"860\" data-end=\"863\" \/>77166 \u00c9vry-Gr\u00e9gy-sur-Yerres<br data-start=\"890\" data-end=\"893\" \/>France<\/p>\n<p data-start=\"903\" data-end=\"969\">T\u00e9l\u00e9phone : +33 (0)9 67 38 71 47<br data-start=\"935\" data-end=\"938\" \/>Mobile : +33 (0)6 08 25 35 30<\/p>\n<p data-start=\"971\" data-end=\"1019\">Directeur de la publication : Hadrien Williame<\/p><\/div><\/div><\/div><div  class=\"x-accordion-group\" ><div class=\"x-accordion-heading\"><a id=\"tab-69f70681bd413\" class=\"x-accordion-toggle collapsed\" role=\"tab\" data-x-toggle=\"collapse-b\" data-x-toggleable=\"69f70681bd413\" aria-selected=\"false\" aria-expanded=\"false\" aria-controls=\"panel-69f70681bd413\"><i class='x-framework-icon x-shortcode-accordion-icon' data-x-icon-s='&#x2b;' aria-hidden=true><\/i><span>H\u00e9bergement<\/span><\/a><\/div><div id=\"panel-69f70681bd413\" class=\"x-accordion-body x-collapsed\" role=\"tabpanel\" data-x-toggle-collapse=\"1\" data-x-toggleable=\"69f70681bd413\" aria-hidden=\"true\" aria-labelledby=\"tab-69f70681bd413\"><div class=\"x-accordion-inner\"><p data-start=\"1042\" data-end=\"1067\">Le site est h\u00e9berg\u00e9 par :<\/p>\n<p data-start=\"1069\" data-end=\"1277\">OVH SAS<br data-start=\"1076\" data-end=\"1079\" \/>Soci\u00e9t\u00e9 par actions simplifi\u00e9e au capital de 10 174 560 \u20ac<br data-start=\"1136\" data-end=\"1139\" \/>RCS Lille M\u00e9tropole 424 761 419<br data-start=\"1170\" data-end=\"1173\" \/>Si\u00e8ge social : 2 rue Kellermann, 59100 Roubaix, France<br data-start=\"1227\" data-end=\"1230\" \/>T\u00e9l\u00e9phone : 1007<br data-start=\"1246\" data-end=\"1249\" \/>Site : <a data-start=\"1256\" data-end=\"1275\" rel=\"noopener\" target=\"_new\" class=\"decorated-link\" href=\"https:\/\/www.ovh.com\">https:\/\/www.ovh.com<\/a><\/p><\/div><\/div><\/div><div  class=\"x-accordion-group\" ><div class=\"x-accordion-heading\"><a id=\"tab-69f70681bd420\" class=\"x-accordion-toggle collapsed\" role=\"tab\" data-x-toggle=\"collapse-b\" data-x-toggleable=\"69f70681bd420\" aria-selected=\"false\" aria-expanded=\"false\" aria-controls=\"panel-69f70681bd420\"><i class='x-framework-icon x-shortcode-accordion-icon' data-x-icon-s='&#x2b;' aria-hidden=true><\/i><span>Propri\u00e9t\u00e9 intellectuelle<\/span><\/a><\/div><div id=\"panel-69f70681bd420\" class=\"x-accordion-body x-collapsed\" role=\"tabpanel\" data-x-toggle-collapse=\"1\" data-x-toggleable=\"69f70681bd420\" aria-hidden=\"true\" aria-labelledby=\"tab-69f70681bd420\"><div class=\"x-accordion-inner\"><p data-start=\"1313\" data-end=\"1489\">L\u2019ensemble du contenu du site (textes, photographies, logos, images, \u00e9l\u00e9ments graphiques, structure, arborescence, etc.) est prot\u00e9g\u00e9 par le Code de la propri\u00e9t\u00e9 intellectuelle.<\/p>\n<p data-start=\"1491\" data-end=\"1689\">Toute reproduction, repr\u00e9sentation, modification, publication, adaptation totale ou partielle du site, quel que soit le moyen ou le proc\u00e9d\u00e9 utilis\u00e9, est interdite sauf autorisation \u00e9crite pr\u00e9alable.<\/p>\n<p data-start=\"1691\" data-end=\"1828\">Les liens hypertextes vers le site sont autoris\u00e9s sous r\u00e9serve qu\u2019ils ne portent pas atteinte \u00e0 l\u2019image ou \u00e0 la r\u00e9putation de la soci\u00e9t\u00e9.<\/p><\/div><\/div><\/div><div  class=\"x-accordion-group\" ><div class=\"x-accordion-heading\"><a id=\"tab-69f70681bd42b\" class=\"x-accordion-toggle collapsed\" role=\"tab\" data-x-toggle=\"collapse-b\" data-x-toggleable=\"69f70681bd42b\" aria-selected=\"false\" aria-expanded=\"false\" aria-controls=\"panel-69f70681bd42b\"><i class='x-framework-icon x-shortcode-accordion-icon' data-x-icon-s='&#x2b;' aria-hidden=true><\/i><span>M\u00e9diation de la consommation<\/span><\/a><\/div><div id=\"panel-69f70681bd42b\" class=\"x-accordion-body x-collapsed\" role=\"tabpanel\" data-x-toggle-collapse=\"1\" data-x-toggleable=\"69f70681bd42b\" aria-hidden=\"true\" aria-labelledby=\"tab-69f70681bd42b\"><div class=\"x-accordion-inner\"><p>Conform\u00e9ment \u00e0 l'article L. 612-1 du Code de la consommation, le<br \/>\nconsommateur, sous r\u00e9serve de l'article L.612.2 du code de la<br \/>\nconsommation, a la facult\u00e9 d'introduire une demande de r\u00e9solution amiable<br \/>\npar voie de m\u00e9diation, dans un d\u00e9lai inf\u00e9rieur \u00e0 un an \u00e0 compter de sa<br \/>\nr\u00e9clamation \u00e9crite aupr\u00e8s du professionnel.<\/p>\n<p>PRIEURE DE VERNELLE (LE) a d\u00e9sign\u00e9, par adh\u00e9sion enregistr\u00e9e sous le<br \/>\nnum\u00e9ro 18145\/VM\/2602 la SAS M\u00e9diation Solution comme entit\u00e9 de<br \/>\nm\u00e9diation de la consommation.<\/p>\n<p>Pour saisir le m\u00e9diateur, le consommateur doit formuler sa demande :<\/p>\n<p>- Soit par \u00e9crit \u00e0 : Sas M\u00e9diation Solution - 222 chemin de la bergerie 01800<br \/>\nSaint Jean de Niost<\/p>\n<p>- Soit par mail \u00e0 : mediation@sasmediationsolution-conso.fr<\/p>\n<p>- Soit en remplissant le formulaire en ligne intitul\u00e9 \u00ab Saisir le m\u00e9diateur \u00bb<br \/>\nsur le site https:\/\/www.sasmediationsolution-conso.fr<\/p>\n<p>Quel que soit le moyen de saisine utilis\u00e9, la demande doit imp\u00e9rativement<br \/>\ncontenir :<\/p>\n<p>- Les coordonn\u00e9es postales, t\u00e9l\u00e9phoniques et \u00e9lectroniques du demandeur,<\/p>\n<p>- Le nom, l'adresse et le num\u00e9ro d'enregistrement chez Sas M\u00e9diation<br \/>\nSolution, du professionnel concern\u00e9,<\/p>\n<p>- Un expos\u00e9 succinct des faits,<\/p>\n<p>- Copie de la r\u00e9clamation pr\u00e9alable,<\/p>\n<p>- Tous documents permettant l'instruction de la demande (bon de<br \/>\ncommande, facture, justificatif de paiement, etc.)<\/p><\/div><\/div><\/div><div  class=\"x-accordion-group\" ><div class=\"x-accordion-heading\"><a id=\"tab-69f70681bd43e\" class=\"x-accordion-toggle collapsed\" role=\"tab\" data-x-toggle=\"collapse-b\" data-x-toggleable=\"69f70681bd43e\" aria-selected=\"false\" aria-expanded=\"false\" aria-controls=\"panel-69f70681bd43e\"><i class='x-framework-icon x-shortcode-accordion-icon' data-x-icon-s='&#x2b;' aria-hidden=true><\/i><span>POLITIQUE DE CONFIDENTIALIT\u00c9 (RGPD)<\/span><\/a><\/div><div id=\"panel-69f70681bd43e\" class=\"x-accordion-body x-collapsed\" role=\"tabpanel\" data-x-toggle-collapse=\"1\" data-x-toggleable=\"69f70681bd43e\" aria-hidden=\"true\" aria-labelledby=\"tab-69f70681bd43e\"><div class=\"x-accordion-inner\"><h2 data-start=\"385\" data-end=\"406\">Donn\u00e9es collect\u00e9es<\/h2>\n<p data-start=\"408\" data-end=\"528\">Le site <a data-start=\"416\" data-end=\"431\" rel=\"noopener\" target=\"_new\" class=\"decorated-link\" href=\"http:\/\/www.vernelle.fr\">www.vernelle.fr<span aria-hidden=\"true\" class=\"ms-0.5 inline-block align-middle leading-none\"><svg xmlns=\"http:\/\/www.w3.org\/2000\/svg\" width=\"20\" height=\"20\" aria-hidden=\"true\" data-rtl-flip=\"\" class=\"block h-&#091;0.75em&#093; w-&#091;0.75em&#093; stroke-current stroke-&#091;0.75&#093;\"><use href=\"\/cdn\/assets\/sprites-core-bfiuxdzr.svg#304883\" fill=\"currentColor\"><\/use><\/svg><\/span><\/a> est un site vitrine ne comportant pas de formulaire de collecte directe de donn\u00e9es personnelles.<\/p>\n<p data-start=\"530\" data-end=\"679\">Cependant, lors de la navigation, des donn\u00e9es techniques peuvent \u00eatre collect\u00e9es automatiquement par des services tiers int\u00e9gr\u00e9s au site, notamment :<\/p>\n\n<ul data-start=\"681\" data-end=\"771\">\n \t<li data-start=\"681\" data-end=\"695\">\n<p data-start=\"683\" data-end=\"695\">Adresse IP<\/p>\n<\/li>\n \t<li data-start=\"696\" data-end=\"721\">\n<p data-start=\"698\" data-end=\"721\">Donn\u00e9es de navigation<\/p>\n<\/li>\n \t<li data-start=\"722\" data-end=\"744\">\n<p data-start=\"724\" data-end=\"744\">Type de navigateur<\/p>\n<\/li>\n \t<li data-start=\"745\" data-end=\"771\">\n<p data-start=\"747\" data-end=\"771\">Syst\u00e8me d\u2019exploitation<\/p>\n<\/li>\n<\/ul>\n<p data-start=\"773\" data-end=\"920\">Ces donn\u00e9es sont susceptibles d\u2019\u00eatre collect\u00e9es uniquement apr\u00e8s obtention du consentement de l\u2019utilisateur via la banni\u00e8re de gestion des cookies.<\/p>\n\n\n<hr data-start=\"922\" data-end=\"925\" \/>\n\n<h2 data-start=\"927\" data-end=\"955\">Responsable du traitement<\/h2>\n<p data-start=\"957\" data-end=\"1040\">SARL Le Prieur\u00e9 de Vernelle<br data-start=\"984\" data-end=\"987\" \/>Route d\u2019\u00c9vry<br data-start=\"999\" data-end=\"1002\" \/>77166 \u00c9vry-Gr\u00e9gy-sur-Yerres<br data-start=\"1029\" data-end=\"1032\" \/>France<\/p>\n<p data-start=\"1042\" data-end=\"1071\">Email : <a data-start=\"1050\" data-end=\"1069\" class=\"decorated-link cursor-pointer\" rel=\"noopener\">contact@vernelle.fr<span aria-hidden=\"true\" class=\"ms-0.5 inline-block align-middle leading-none\"><svg xmlns=\"http:\/\/www.w3.org\/2000\/svg\" width=\"20\" height=\"20\" aria-hidden=\"true\" data-rtl-flip=\"\" class=\"block h-&#091;0.75em&#093; w-&#091;0.75em&#093; stroke-current stroke-&#091;0.75&#093;\"><use href=\"\/cdn\/assets\/sprites-core-bfiuxdzr.svg#304883\" fill=\"currentColor\"><\/use><\/svg><\/span><\/a><\/p>\n\n\n<hr data-start=\"1073\" data-end=\"1076\" \/>\n\n<h2 data-start=\"1078\" data-end=\"1105\">Finalit\u00e9 des traitements<\/h2>\n<p data-start=\"1107\" data-end=\"1170\">Les donn\u00e9es susceptibles d\u2019\u00eatre collect\u00e9es ont pour finalit\u00e9s :<\/p>\n\n<ul data-start=\"1172\" data-end=\"1377\">\n \t<li data-start=\"1172\" data-end=\"1228\">\n<p data-start=\"1174\" data-end=\"1228\">L\u2019affichage de contenus multim\u00e9dias (vid\u00e9os YouTube)<\/p>\n<\/li>\n \t<li data-start=\"1229\" data-end=\"1281\">\n<p data-start=\"1231\" data-end=\"1281\">L\u2019affichage de cartes interactives (Google Maps)<\/p>\n<\/li>\n \t<li data-start=\"1282\" data-end=\"1328\">\n<p data-start=\"1284\" data-end=\"1328\">L\u2019am\u00e9lioration de l\u2019exp\u00e9rience utilisateur<\/p>\n<\/li>\n \t<li data-start=\"1329\" data-end=\"1377\">\n<p data-start=\"1331\" data-end=\"1377\">La s\u00e9curit\u00e9 et le bon fonctionnement du site<\/p>\n<\/li>\n<\/ul>\n\n<hr data-start=\"1379\" data-end=\"1382\" \/>\n\n<h2 data-start=\"1384\" data-end=\"1410\">Services tiers utilis\u00e9s<\/h2>\n<p data-start=\"1412\" data-end=\"1457\">Le site peut int\u00e9grer les services suivants :<\/p>\n\n<ul data-start=\"1459\" data-end=\"1547\">\n \t<li data-start=\"1459\" data-end=\"1492\">\n<p data-start=\"1461\" data-end=\"1492\">YouTube (Google Ireland Ltd.)<\/p>\n<\/li>\n \t<li data-start=\"1493\" data-end=\"1530\">\n<p data-start=\"1495\" data-end=\"1530\">Google Maps (Google Ireland Ltd.)<\/p>\n<\/li>\n \t<li data-start=\"1531\" data-end=\"1547\">\n<p data-start=\"1533\" data-end=\"1547\">Google Fonts<\/p>\n<\/li>\n<\/ul>\n<p data-start=\"1549\" data-end=\"1687\">Ces services peuvent d\u00e9poser des cookies ou collecter des donn\u00e9es personnelles conform\u00e9ment \u00e0 leurs propres politiques de confidentialit\u00e9.<\/p>\n<p data-start=\"1689\" data-end=\"1834\">Les donn\u00e9es peuvent \u00eatre transf\u00e9r\u00e9es hors de l\u2019Union Europ\u00e9enne conform\u00e9ment aux m\u00e9canismes juridiques en vigueur (clauses contractuelles types).<\/p>\n\n\n<hr data-start=\"1836\" data-end=\"1839\" \/>\n\n<h2 data-start=\"1841\" data-end=\"1855\">Base l\u00e9gale<\/h2>\n<p data-start=\"1857\" data-end=\"1879\">Le traitement repose :<\/p>\n\n<ul data-start=\"1881\" data-end=\"2036\">\n \t<li data-start=\"1881\" data-end=\"1955\">\n<p data-start=\"1883\" data-end=\"1955\">Sur le consentement pr\u00e9alable de l\u2019utilisateur pour les services tiers<\/p>\n<\/li>\n \t<li data-start=\"1956\" data-end=\"2036\">\n<p data-start=\"1958\" data-end=\"2036\">Sur l\u2019int\u00e9r\u00eat l\u00e9gitime du responsable de traitement pour la s\u00e9curit\u00e9 du site<\/p>\n<\/li>\n<\/ul>\n\n<hr data-start=\"2038\" data-end=\"2041\" \/>\n\n<h2 data-start=\"2043\" data-end=\"2067\">Dur\u00e9e de conservation<\/h2>\n<p data-start=\"2069\" data-end=\"2250\">Les cookies et donn\u00e9es collect\u00e9es via services tiers sont conserv\u00e9s pour une dur\u00e9e maximale de 6 mois, conform\u00e9ment aux recommandations de la <span class=\"hover:entity-accent entity-underline inline cursor-pointer align-baseline\"><span class=\"whitespace-normal\">CNIL<\/span><\/span>.<\/p>\n\n\n<hr data-start=\"2252\" data-end=\"2255\" \/>\n\n<h2 data-start=\"2257\" data-end=\"2283\">Droits des utilisateurs<\/h2>\n<p data-start=\"2285\" data-end=\"2368\">Conform\u00e9ment au R\u00e8glement (UE) 2016\/679 (RGPD), vous disposez des droits suivants :<\/p>\n\n<ul data-start=\"2370\" data-end=\"2527\">\n \t<li data-start=\"2370\" data-end=\"2387\">\n<p data-start=\"2372\" data-end=\"2387\">Droit d\u2019acc\u00e8s<\/p>\n<\/li>\n \t<li data-start=\"2388\" data-end=\"2414\">\n<p data-start=\"2390\" data-end=\"2414\">Droit de rectification<\/p>\n<\/li>\n \t<li data-start=\"2415\" data-end=\"2437\">\n<p data-start=\"2417\" data-end=\"2437\">Droit d\u2019effacement<\/p>\n<\/li>\n \t<li data-start=\"2438\" data-end=\"2477\">\n<p data-start=\"2440\" data-end=\"2477\">Droit \u00e0 la limitation du traitement<\/p>\n<\/li>\n \t<li data-start=\"2478\" data-end=\"2500\">\n<p data-start=\"2480\" data-end=\"2500\">Droit d\u2019opposition<\/p>\n<\/li>\n \t<li data-start=\"2501\" data-end=\"2527\">\n<p data-start=\"2503\" data-end=\"2527\">Droit \u00e0 la portabilit\u00e9<\/p>\n<\/li>\n<\/ul>\n<p data-start=\"2529\" data-end=\"2575\">Vous pouvez exercer vos droits en \u00e9crivant \u00e0 :<\/p>\n<p data-start=\"2577\" data-end=\"2598\"><a data-start=\"2577\" data-end=\"2596\" class=\"decorated-link cursor-pointer\" rel=\"noopener\">contact@vernelle.fr<span aria-hidden=\"true\" class=\"ms-0.5 inline-block align-middle leading-none\"><svg xmlns=\"http:\/\/www.w3.org\/2000\/svg\" width=\"20\" height=\"20\" aria-hidden=\"true\" data-rtl-flip=\"\" class=\"block h-&#091;0.75em&#093; w-&#091;0.75em&#093; stroke-current stroke-&#091;0.75&#093;\"><use href=\"\/cdn\/assets\/sprites-core-bfiuxdzr.svg#304883\" fill=\"currentColor\"><\/use><\/svg><\/span><\/a><\/p>\n<p data-start=\"2600\" data-end=\"2669\">Vous avez \u00e9galement le droit d\u2019introduire une r\u00e9clamation aupr\u00e8s de :<\/p>\n<p data-start=\"2671\" data-end=\"2735\">CNIL<br data-start=\"2675\" data-end=\"2678\" \/>3 Place de Fontenoy<br data-start=\"2697\" data-end=\"2700\" \/>75007 Paris<br data-start=\"2711\" data-end=\"2714\" \/><a data-start=\"2714\" data-end=\"2733\" rel=\"noopener\" target=\"_new\" class=\"decorated-link\" href=\"https:\/\/www.cnil.fr\">https:\/\/www.cnil.fr<\/a><\/p><\/div><\/div><\/div><div  class=\"x-accordion-group\" ><div class=\"x-accordion-heading\"><a id=\"tab-69f70681bd45c\" class=\"x-accordion-toggle collapsed\" role=\"tab\" data-x-toggle=\"collapse-b\" data-x-toggleable=\"69f70681bd45c\" aria-selected=\"false\" aria-expanded=\"false\" aria-controls=\"panel-69f70681bd45c\"><i class='x-framework-icon x-shortcode-accordion-icon' data-x-icon-s='&#x2b;' aria-hidden=true><\/i><span>POLITIQUE DE COOKIES<\/span><\/a><\/div><div id=\"panel-69f70681bd45c\" class=\"x-accordion-body x-collapsed\" role=\"tabpanel\" data-x-toggle-collapse=\"1\" data-x-toggleable=\"69f70681bd45c\" aria-hidden=\"true\" aria-labelledby=\"tab-69f70681bd45c\"><div class=\"x-accordion-inner\"><h2 data-start=\"2813\" data-end=\"2826\">D\u00e9finition<\/h2>\n<p data-start=\"2828\" data-end=\"2922\">Un cookie est un fichier d\u00e9pos\u00e9 sur votre terminal lors de la consultation d\u2019un site internet.<\/p>\n\n\n<hr data-start=\"2924\" data-end=\"2927\" \/>\n\n<h2 data-start=\"2929\" data-end=\"2960\">Cookies utilis\u00e9s sur le site<\/h2>\n<p data-start=\"2962\" data-end=\"2995\">Le site <a data-start=\"2970\" data-end=\"2985\" rel=\"noopener\" target=\"_new\" class=\"decorated-link\" href=\"http:\/\/www.vernelle.fr\">www.vernelle.fr<span aria-hidden=\"true\" class=\"ms-0.5 inline-block align-middle leading-none\"><svg xmlns=\"http:\/\/www.w3.org\/2000\/svg\" width=\"20\" height=\"20\" aria-hidden=\"true\" data-rtl-flip=\"\" class=\"block h-&#091;0.75em&#093; w-&#091;0.75em&#093; stroke-current stroke-&#091;0.75&#093;\"><use href=\"\/cdn\/assets\/sprites-core-bfiuxdzr.svg#304883\" fill=\"currentColor\"><\/use><\/svg><\/span><\/a> utilise :<\/p>\n\n<h3 data-start=\"2997\" data-end=\"3037\">1. Cookies strictement n\u00e9cessaires<\/h3>\n<p data-start=\"3038\" data-end=\"3089\">Indispensables au fonctionnement technique du site.<\/p>\n\n<h3 data-start=\"3091\" data-end=\"3147\">2. Cookies de services tiers soumis \u00e0 consentement<\/h3>\n<p data-start=\"3148\" data-end=\"3218\">D\u00e9pos\u00e9s uniquement apr\u00e8s acceptation via la banni\u00e8re de consentement :<\/p>\n\n<ul data-start=\"3220\" data-end=\"3264\">\n \t<li data-start=\"3220\" data-end=\"3231\">\n<p data-start=\"3222\" data-end=\"3231\">YouTube<\/p>\n<\/li>\n \t<li data-start=\"3232\" data-end=\"3247\">\n<p data-start=\"3234\" data-end=\"3247\">Google Maps<\/p>\n<\/li>\n \t<li data-start=\"3248\" data-end=\"3264\">\n<p data-start=\"3250\" data-end=\"3264\">Google Fonts<\/p>\n<\/li>\n<\/ul>\n\n<hr data-start=\"3266\" data-end=\"3269\" \/>\n\n<h2 data-start=\"3271\" data-end=\"3297\">Gestion du consentement<\/h2>\n<p data-start=\"3299\" data-end=\"3359\">Lors de votre premi\u00e8re visite, une banni\u00e8re vous permet de :<\/p>\n\n<ul data-start=\"3361\" data-end=\"3460\">\n \t<li data-start=\"3361\" data-end=\"3390\">\n<p data-start=\"3363\" data-end=\"3390\">Accepter tous les cookies<\/p>\n<\/li>\n \t<li data-start=\"3391\" data-end=\"3429\">\n<p data-start=\"3393\" data-end=\"3429\">Refuser les cookies non essentiels<\/p>\n<\/li>\n \t<li data-start=\"3430\" data-end=\"3460\">\n<p data-start=\"3432\" data-end=\"3460\">Param\u00e9trer vos pr\u00e9f\u00e9rences<\/p>\n<\/li>\n<\/ul>\n<p data-start=\"3462\" data-end=\"3537\">Aucun cookie non essentiel n\u2019est d\u00e9pos\u00e9 avant votre consentement explicite.<\/p>\n<p data-start=\"3539\" data-end=\"3661\">Vous pouvez modifier ou retirer votre consentement \u00e0 tout moment via le gestionnaire de cookies accessible depuis le site.<\/p>\n\n\n<hr data-start=\"3663\" data-end=\"3666\" \/>\n\n<h2 data-start=\"3668\" data-end=\"3692\">Dur\u00e9e de conservation<\/h2>\n<p data-start=\"3771\" data-end=\"3839\">Les choix de consentement sont conserv\u00e9s pour une dur\u00e9e maximale de 6 mois.<\/p>\n<p data-start=\"3771\" data-end=\"3839\">Les cookies d\u00e9pos\u00e9s par des services tiers sont conserv\u00e9s pour une dur\u00e9e maximale de 13 mois.<\/p><\/div><\/div><\/div><\/div><\/div><\/div><\/div><\/div>","protected":false},"excerpt":{"rendered":"<p>Mentions L\u00e9gales &nbsp;\u00c9diteur du siteLe site accessible \u00e0 l\u2019adresse https:\/\/www.vernelle.fr est \u00e9dit\u00e9 par : SARL Le Prieur\u00e9 de VernelleSoci\u00e9t\u00e9 \u00e0 responsabilit\u00e9 limit\u00e9e au capital de 7 500 \u20acImmatricul\u00e9e au RCS de Melun sous le num\u00e9ro 452 390 701SIRET : 452 390 701 00012Num\u00e9ro de TVA intracommunautaire : FR10452390701 Si\u00e8ge social :Route d\u2019\u00c9vryLieu-dit Le Prieur\u00e9 de Vernelle77166 \u00c9vry-Gr\u00e9gy-sur-YerresFrance T\u00e9l\u00e9phone : +33 &#8230; <\/p>\n<div><a href=\"https:\/\/www.vernelle.fr\/index.php\/home\/mentions-legales\/\" class=\"more-link\">Read More<\/a><\/div>\n","protected":false},"author":1,"featured_media":0,"parent":106,"menu_order":0,"comment_status":"closed","ping_status":"closed","template":"template-blank-8.php","meta":{"footnotes":""},"class_list":["post-492","page","type-page","status-publish","hentry","no-post-thumbnail"],"_links":{"self":[{"href":"https:\/\/www.vernelle.fr\/index.php\/wp-json\/wp\/v2\/pages\/492","targetHints":{"allow":["GET"]}}],"collection":[{"href":"https:\/\/www.vernelle.fr\/index.php\/wp-json\/wp\/v2\/pages"}],"about":[{"href":"https:\/\/www.vernelle.fr\/index.php\/wp-json\/wp\/v2\/types\/page"}],"author":[{"embeddable":true,"href":"https:\/\/www.vernelle.fr\/index.php\/wp-json\/wp\/v2\/users\/1"}],"replies":[{"embeddable":true,"href":"https:\/\/www.vernelle.fr\/index.php\/wp-json\/wp\/v2\/comments?post=492"}],"version-history":[{"count":41,"href":"https:\/\/www.vernelle.fr\/index.php\/wp-json\/wp\/v2\/pages\/492\/revisions"}],"predecessor-version":[{"id":972,"href":"https:\/\/www.vernelle.fr\/index.php\/wp-json\/wp\/v2\/pages\/492\/revisions\/972"}],"up":[{"embeddable":true,"href":"https:\/\/www.vernelle.fr\/index.php\/wp-json\/wp\/v2\/pages\/106"}],"wp:attachment":[{"href":"https:\/\/www.vernelle.fr\/index.php\/wp-json\/wp\/v2\/media?parent=492"}],"curies":[{"name":"wp","href":"https:\/\/api.w.org\/{rel}","templated":true}]}}