{"id":106,"date":"2015-12-09T00:08:01","date_gmt":"2015-12-08T23:08:01","guid":{"rendered":"http:\/\/vernelle.fr\/?page_id=106"},"modified":"2026-03-03T02:25:25","modified_gmt":"2026-03-03T01:25:25","slug":"home","status":"publish","type":"page","link":"https:\/\/www.vernelle.fr\/","title":{"rendered":"Accueil"},"content":{"rendered":"<div id=\"cs-content\" class=\"cs-content\"><div id=\"x-section-1\" class=\"x-section\" style=\"margin: 20px 0px 40px;padding: 0px; background-color: transparent;\" ><div id=\"\" class=\"x-container max width\" style=\"margin: 0px auto;padding: 0px;\" ><div  class=\"x-column x-sm x-1-1\" style=\"padding: px 0px 0px;\" ><h1  class=\"h-custom-headline h1\" style=\"font-family: grand hotel; font-size: 45px;\"><span>Pr\u00e9sentation<\/span><\/h1><div  class=\"x-columnize\" style=\"font-family: lato; font-size: 17px;\"><p style=\"text-align: justify;\">Ancien Prieur\u00e9 b\u00e9n\u00e9dictin du 12e si\u00e8cle, le Prieur\u00e9 de Vernelle b\u00e9n\u00e9ficie d\u2019un environnement calme et reposant, avec son parc arbor\u00e9 de 20 hectares.<br \/>\nDans une vall\u00e9e prot\u00e9g\u00e9e de l'Yerres, le Prieur\u00e9 se situe dans un cadre verdoyant entour\u00e9 de champs et de for\u00eats.<br \/>\nCe site exceptionnel appartient au patrimoine culturel de la Brie Centrale.<br \/>\nDe nombreux commerces se trouvent dans les villages environnants.<\/p><\/div><\/div><\/div><\/div><div id=\"x-section-2\" class=\"x-section x-hide-xs bg-image parallax\" style=\"margin: 0px;padding: 150px 0px 45px; background-image: url(http:\/\/www.vernelle.fr\/wp-content\/uploads\/2017\/02\/Parralax-1.jpg); background-color: transparent;\" data-x-element=\"section\" data-x-params=\"{&quot;type&quot;:&quot;image&quot;,&quot;parallax&quot;:true}\"><div id=\"\" class=\"x-container max width\" style=\"margin: 0px auto;padding: 0px;\" ><div  class=\"x-column x-sm x-1-1\" style=\"padding: 0px;\" ><div id=\"\" class=\"x-text cs-ta-center\" style=\"\" ><p>&nbsp;<\/p>\n<p>&nbsp;<\/p>\n<p>&nbsp;<\/p>\n<p>&nbsp;<\/p>\n<p>&nbsp;<\/p>\n<p>&nbsp;<\/p>\n<p>&nbsp;<\/p>\n<p>&nbsp;<\/p>\n<\/div><\/div><\/div><\/div><div id=\"x-section-3\" class=\"x-section\" style=\"margin: 0px 0px 35px;padding: 0px; background-color: transparent;\" ><div id=\"\" class=\"x-container max width\" style=\"margin: 0px auto;padding: 0px;\" ><div  class=\"x-column x-sm x-1-1\" style=\"padding: 0px;\" ><h1  class=\"h-custom-headline h1\" style=\"font-family: grand hotel; font-size: 45px;\"><span>Historique<\/span><\/h1><div  class=\"x-columnize\" style=\"font-family: lato; font-size: 17px;\"><p style=\"text-align: justify;\">Le Prieur\u00e9 de Vernelle fut fond\u00e9 vers 1172 par des moines qui l\u2019\u00e9difi\u00e8rent sur un site religieux anciennement d\u00e9di\u00e9 \u00e0 la d\u00e9esse V\u00e9nus (d\u2019o\u00f9 le nom de Vernelle).<br \/>\nTr\u00e8s rapidement, le Prieur\u00e9 devint la propri\u00e9t\u00e9 des moines de l\u2019Ordre de Saint Beno\u00eet. Une chapelle fut construite.<br \/>\nElle fut finalement consacr\u00e9e \u00e0 Saint Leu, \u00e9v\u00eaque de Sens sous Clotaire II, qui fit un s\u00e9jour \u00e0 Vernelle.<br \/>\nDepuis cette \u00e9poque, la chapelle porte le nom de chapelle Saint-Leu.<br \/>\nLors de la R\u00e9volution Fran\u00e7aise, les moines du Prieur\u00e9, accus\u00e9s \u00e0 tort d'\u00e9mettre de faux assignats ,furent expropri\u00e9s du Prieur\u00e9.<br \/>\nIl fut vendu pour 16.000 francs le 23 f\u00e9vrier 1791. En 1799, l\u2019Amiral de Bougainville, c\u00e9l\u00e8bre navigateur, racheta le Prieur\u00e9 en m\u00eame temps que le Ch\u00e2teau de Suisnes.<br \/>\nLe jardinier de l\u2019Amiral de Bougainville, Monsieur Cochet-Cochet cultiva les premi\u00e8res roses hybrides de la Brie.<br \/>\nAussi, l\u2019histoire du Prieur\u00e9 se confond avec la renaissance de l\u2019industrie de la rose au 19e si\u00e8cle.<br \/>\nEn 1930, une premi\u00e8re campagne de restauration fut entreprise. En 1980 une deuxi\u00e8me campagne a \u00e9t\u00e9 engag\u00e9e afin de restaurer de fa\u00e7on luxueuse ce Prieur\u00e9.<br \/>\nTout le confort moderne a \u00e9t\u00e9 apport\u00e9, tout en pr\u00e9servant l\u2019h\u00e9ritage historique.<\/p><\/div><\/div><\/div><\/div><div id=\"x-section-4\" class=\"x-section x-hide-sm x-hide-xs bg-image parallax\" style=\"margin: 0px;padding: 200px 0px 45px; background-image: url(http:\/\/www.vernelle.fr\/wp-content\/uploads\/2017\/02\/parallax-2.jpg); background-color: transparent;\" data-x-element=\"section\" data-x-params=\"{&quot;type&quot;:&quot;image&quot;,&quot;parallax&quot;:true}\"><div id=\"\" class=\"x-container max width\" style=\"margin: 0px auto;padding: 0px;\" ><div  class=\"x-column x-sm x-1-1\" style=\"padding: 0px;\" ><h4  class=\"h-custom-headline cs-ta-center h2\" style=\"color: hsl(0, 1%, 97%);font-family: grand hotel;\"><span>&nbsp;\n&nbsp;\n&nbsp;\n&nbsp;\n&nbsp;\n&nbsp;\n<\/span><\/h4><\/div><\/div><\/div><div id=\"x-section-5\" class=\"x-section\" style=\"margin: 35px 0px 0px;padding: 0px; background-color: transparent;\" ><div id=\"\" class=\"x-container max width\" style=\"margin: 0px auto;padding: 0px;\" ><div  class=\"x-column x-sm x-2-3\" style=\"padding: 0px;\" ><div class=\"x-text x-content e106-e22 m2y-0\"><iframe loading=\"lazy\" src=\"https:\/\/www.google.com\/maps\/embed?pb=!1m18!1m12!1m3!1d2634.976899580586!2d2.6550819509417063!3d48.66768452196826!2m3!1f0!2f0!3f0!3m2!1i1024!2i768!4f13.1!3m3!1m2!1s0x47e5fd7f0e9d2eeb%3A0x710d2c41d21d7ff6!2sLe+Prieur%C3%A9+de+Vernelle!5e0!3m2!1sfr!2sfr!4v1537316701425\" width=\"600\" height=\"450\" frameborder=\"0\" style=\"border:0\" allowfullscreen><\/iframe><\/div><\/div><div  class=\"x-column x-sm x-1-3\" style=\"padding: 0px;\" ><h2  class=\"h-custom-headline cs-ta-left h3\" style=\"font-family: grand hotel; font-size: 50px;\"><span>Contactez-nous\n&nbsp;<\/span><\/h2><ul  class=\"x-feature-list\"  data-x-element=\"feature_list\" data-x-params=\"{&quot;animationOffset&quot;:&quot;50&quot;,&quot;animationDelayInitial&quot;:&quot;0&quot;,&quot;animationDelayBetween&quot;:&quot;300&quot;}\"><li  class=\"x-feature-box left-text top-text cf\" style=\"font-family: lato;  max-width: none;\" data-x-element=\"feature_box\" data-x-params=\"{&quot;child&quot;:true,&quot;graphicAnimation&quot;:&quot;bounceIn&quot;,&quot;connectorAnimation&quot;:&quot;fadeInDown&quot;,&quot;alignH&quot;:&quot;left&quot;,&quot;alignV&quot;:&quot;top&quot;}\"><span class=\"x-feature-box-connector full animated-hide\" style=\"font-size: 40px; left: 0; right: calc(100% - 40px); border-left: 1px dashed #272727;\"><\/span><div class=\"x-feature-box-graphic hexagon \"><div class=\"x-feature-box-graphic-outer hexagon animated-hide\" style=\" margin-right: 30px;\"><div class=\"x-feature-box-graphic-inner hexagon\" style=\"font-size: 40px; border-color: #31d8af;\"><i class=\"x-icon-crosshairs hexagon\" data-x-icon-s=\"&#xf05b;\"  style=\"margin: 0 auto; color: #ffffff; background-color: #31d8af;\"><\/i><\/div><\/div><\/div><div class=\"x-feature-box-content \"><h4 class=\"x-feature-box-title\">Nous rendre visite<\/h4><p class=\"x-feature-box-text\">Lieu dit : \nLe Prieur\u00e9 de Vernelle\n77166 SUISNES\nRoute d'Evry<\/p><\/div><\/li><li  class=\"x-feature-box left-text top-text cf\" style=\"font-family: lato; max-width: none;\" data-x-element=\"feature_box\" data-x-params=\"{&quot;child&quot;:true,&quot;graphicAnimation&quot;:&quot;bounceIn&quot;,&quot;connectorAnimation&quot;:&quot;fadeInDown&quot;,&quot;alignH&quot;:&quot;left&quot;,&quot;alignV&quot;:&quot;top&quot;}\"><span class=\"x-feature-box-connector full animated-hide\" style=\"font-size: 40px; left: 0; right: calc(100% - 40px); border-left: 1px dashed #272727;\"><\/span><div class=\"x-feature-box-graphic hexagon \"><div class=\"x-feature-box-graphic-outer hexagon animated-hide\" style=\" margin-right: 30px;\"><div class=\"x-feature-box-graphic-inner hexagon\" style=\"font-size: 40px; border-color: #31d8af;\"><i class=\"x-icon-phone hexagon\" data-x-icon-s=\"&#xf095;\"  style=\"margin: 0 auto; color: #ffffff; background-color: #31d8af;\"><\/i><\/div><\/div><\/div><div class=\"x-feature-box-content \"><h4 class=\"x-feature-box-title\">T\u00e9l\u00e9phone<\/h4><p class=\"x-feature-box-text\">06 08 25 35 30 - 09 67 38 71 47<\/p><\/div><\/li><li  class=\"x-feature-box left-text top-text cf\" style=\"font-family: lato; max-width: none;\" data-x-element=\"feature_box\" data-x-params=\"{&quot;child&quot;:true,&quot;graphicAnimation&quot;:&quot;bounceIn&quot;,&quot;connectorAnimation&quot;:&quot;fadeInDown&quot;,&quot;alignH&quot;:&quot;left&quot;,&quot;alignV&quot;:&quot;top&quot;}\"><span class=\"x-feature-box-connector full animated-hide\" style=\"font-size: 40px; left: 0; right: calc(100% - 40px); border-left: 1px dashed #272727;\"><\/span><div class=\"x-feature-box-graphic hexagon \"><div class=\"x-feature-box-graphic-outer hexagon animated-hide\" style=\" margin-right: 30px;\"><div class=\"x-feature-box-graphic-inner hexagon\" style=\"font-size: 40px; border-color: #31d8af;\"><i class=\"x-icon-at hexagon\" data-x-icon-s=\"&#x40;\"  style=\"margin: 0 auto; color: #ffffff; background-color: #31d8af;\"><\/i><\/div><\/div><\/div><div class=\"x-feature-box-content \"><h4 class=\"x-feature-box-title\">Email<\/h4><p class=\"x-feature-box-text\">contact@vernelle.fr <\/p><\/div><\/li><li  class=\"x-feature-box left-text top-text cf\" style=\"font-family: lato; max-width: none;\" data-x-element=\"feature_box\" data-x-params=\"{&quot;child&quot;:true,&quot;graphicAnimation&quot;:&quot;bounceIn&quot;,&quot;connectorAnimation&quot;:&quot;fadeInDown&quot;,&quot;alignH&quot;:&quot;left&quot;,&quot;alignV&quot;:&quot;top&quot;}\"><span class=\"x-feature-box-connector full animated-hide\" style=\"font-size: 40px; left: 0; right: calc(100% - 40px); border-left: 1px dashed #272727;\"><\/span><div class=\"x-feature-box-graphic hexagon \"><div class=\"x-feature-box-graphic-outer hexagon animated-hide\" style=\" margin-right: 30px;\"><div class=\"x-feature-box-graphic-inner hexagon\" style=\"font-size: 40px; border-color: rgb(49, 216, 175);\"><i class=\"x-icon-user hexagon\" data-x-icon-s=\"&#xf007;\"  style=\"margin: 0 auto; color: #ffffff; background-color: rgb(49, 216, 175);\"><\/i><\/div><\/div><\/div><div class=\"x-feature-box-content \"><h4 class=\"x-feature-box-title\">Vos H\u00f4tes<\/h4><p class=\"x-feature-box-text\">Suzanne & Hadrien Williame<\/p><\/div><\/li><\/ul><\/div><\/div><\/div><div id=\"x-section-6\" class=\"x-section\" style=\"margin: 0px;padding: 0px; background-color: transparent;\" ><div id=\"\" class=\"x-container max width\" style=\"margin: 0px auto;padding: 0px;\" ><div  class=\"x-column x-sm x-1-1\" style=\"padding: 0px;\" ><h1  class=\"h-custom-headline h1\" style=\"font-family: grand hotel; font-size: 45px;\"><span>Plus d'informations sur l'emplacement<\/span><\/h1><div id=\"\" class=\"x-text cs-ta-left\" style=\"font-family: lato; font-size: 17px;\" ><p>Le Prieur\u00e9 de Vernelle se trouve dans une situation particuli\u00e8rement favorable. A une trentaine de kilom\u00e8tres au sud-est de Paris, il reste proche, mais pas trop, des a\u00e9roports d\u2019Orly et de Roissy.<br \/>\nComptez en moyenne 30-40 minutes, en voiture, du centre de Paris (Notre-Dame) et 45 minutes depuis chaque a\u00e9roport.<\/p>\n<p>Les gares SNCF et RER :<\/p>\n<p>- Lieusaint - Moissy 15 km.<br \/>\n- Boissy-Saint-L\u00e9ger 17 km<\/p>\n<p>Pour acc\u00e9der au Prieur\u00e9 de Vernelle, il faut imp\u00e9rativement passer par Suisnes ( commmune de Grisy-Suisnes 77166) et prendre la route d\u2019Evry puis tout droit dans le sous-bois puis apr\u00e8s avoir travers\u00e9 le pont, l'entr\u00e9e se fait par le portail sur votre droite.<\/p>\n<\/div><\/div><\/div><\/div><div id=\"x-section-7\" class=\"x-section x-hide-xs bg-image parallax\" style=\"margin: 0px;padding: 200px 0px; background-image: url(http:\/\/www.vernelle.fr\/wp-content\/uploads\/2016\/12\/IMG_2078-2.jpg); background-color: transparent;\" data-x-element=\"section\" data-x-params=\"{&quot;type&quot;:&quot;image&quot;,&quot;parallax&quot;:true}\"><div id=\"\" class=\"x-container max width\" style=\"margin: 0px auto;padding: 0px;\" ><div  class=\"x-column x-sm x-1-1\" style=\"padding: 0px;\" >&nbsp;<\/div><\/div><\/div><div id=\"x-section-8\" class=\"x-section\" style=\"margin: 0px;padding: 0px; background-color: transparent;\" ><div id=\"\" class=\"x-container max width\" style=\"margin: 0px auto;padding: 0px;\" ><div  class=\"x-column x-sm x-1-1\" style=\"padding: 0px;\" ><h1  class=\"h-custom-headline h1\" style=\"font-family: grand hotel; font-size: 40px;\"><span>Le  Prieur\u00e9 de Vernelle, cr\u00e9ateur d\u2019\u00e9v\u00e9nements sur-mesure<\/span><\/h1><div id=\"\" class=\"x-text\" style=\"font-family: lato; font-size: 17px;\" ><p>Recevoir au Prieur\u00e9 de Vernelle demeure un signe de qualit\u00e9. L'\u00e9l\u00e9gance de ses salons et le savoir faire de notre personnel sont le gage d'une r\u00e9ception r\u00e9ussie. Organiser une r\u00e9ception au Prieur\u00e9 de Vernelle sur mesure sera \u00e0 la hauteur de vos attentes et restera \u00e0 jamais grav\u00e9 dans les m\u00e9moires de vos invit\u00e9s. Le Prieur\u00e9 de Vernelle s'adaptera \u00e0 tous vos \u00e9v\u00e9nements : Mariages - S\u00e9minaires - Anniversaires - Gala - Garden Party - Soir\u00e9e \u00c9tudiante - Bapt\u00eames - G\u00eetes et Chambres - d\u2019h\u00f4tes - Tournages - D\u00e9fil\u00e9s - Showrooms - F\u00e9stivals.<\/p>\n<\/div><\/div><\/div><\/div><div id=\"x-section-9\" class=\"x-section\" style=\"margin: 0px;padding: 0px; background-color: transparent;\" ><div id=\"\" class=\"x-container max width\" style=\"margin: 0px auto;padding: 0px;\" ><div  class=\"x-column x-sm x-1-1\" style=\"padding: 0px;\" ><h2  class=\"h-custom-headline h3\" style=\"font-family: grand hotel; font-size: 50px;\"><span>Les salons de r\u00e9ceptions <\/span><\/h2><h2  class=\"h-feature-headline h3\" style=\"font-family: grand hotel; font-size: 45px;\"><span><i class=\"x-icon-fort-awesome x-framework-icon\" data-x-icon-b=\"&#xf286;\" ><\/i>Salon de la Roseraie <\/span><\/h2><div id=\"\" class=\"x-text\" style=\"font-family: lato; font-size: 17px;\" ><p>Dans un parc verdoyant, ce salon vaste \u00e9clair\u00e9 par une v\u00e9randa spectaculaire s'ouvre sur une terrasse am\u00e9nag\u00e9e entour\u00e9e de jardins fleuris. La vue sur les marronniers centenaires de la cour int\u00e9rieure, son pr\u00e9au et l' ancien pigeonnier vous rappellent l'authenticit\u00e9 du lieu.<\/p>\n<p>- Dimension de la salle 330m\u00b2<br \/>\n- Capacit\u00e9 300 pers assis<br \/>\n- Cocktail 700 pers<br \/>\n- Conf\u00e9rence 500 pers<br \/>\n- V\u00e9randa 140m\u00b2<br \/>\n- Cour carr\u00e9e 1400m\u00b2<br \/>\n- Pr\u00e9au 180m\u00b2<br \/>\n- Terrasse 300m\u00b2<br \/>\n- Parc de la roseraie 2 hectares<br \/>\n- Parking de la roseraie 400 voitures<\/p>\n<\/div><\/div><\/div><\/div><div id=\"x-section-10\" class=\"x-section bg-image parallax\" style=\"margin: 0px;padding: 250px 0px 200px; background-image: url(http:\/\/www.vernelle.fr\/wp-content\/uploads\/2016\/12\/IMG_2119.jpg); background-color: transparent;\" data-x-element=\"section\" data-x-params=\"{&quot;type&quot;:&quot;image&quot;,&quot;parallax&quot;:true}\"><div id=\"\" class=\"x-container max width\" style=\"margin: 0px auto;padding: 0px;\" ><div  class=\"x-column x-sm x-1-1\" style=\"padding: 0px;\" >&nbsp;<\/div><\/div><\/div><div id=\"x-section-11\" class=\"x-section\" style=\"margin: 0px;padding: 0px; background-color: transparent;\" ><div id=\"\" class=\"x-container max width\" style=\"margin: 0px auto;padding: 0px;\" ><div  class=\"x-column x-sm x-1-1\" style=\"padding: 0px;\" ><h2  class=\"h-feature-headline h3\" style=\"font-family: grand hotel; font-size: 45px;\"><span><i class=\"x-icon-compass x-framework-icon\" data-x-icon-s=\"&#xf14e;\" ><\/i>Salon Saint Leu<\/span><\/h2><div id=\"\" class=\"x-text\" style=\"font-family: lato; font-size: 17px;\" ><p>Assis sur un ancien temple gallo-romain d\u00e9di\u00e9 \u00e0 V\u00e9nus, d\u00e9esse de l'Amour, le salon Saint Leu de la chapelle b\u00e9n\u00e9dictine est sublim\u00e9 par les crois\u00e9es d'ogives et illumin\u00e9 par les grandes baies de son abside. le clo\u00eetre enti\u00e8rement vitr\u00e9 sur le jardin des moines vous enchantera par son puits et son jardin \u00e0 la fran\u00e7aise. La magie de ce lieu sera propice \u00e0 votre c\u00e9r\u00e9monie, votre cocktail ou votre go\u00fbter d'acceuil privil\u00e9giant une parfaite intimit\u00e9 pour vos h\u00f4tes et l'exclusivit\u00e9 du lieu pour votre r\u00e9ception. L'arriv\u00e9e dans le verger rappelle le jardin d'Eden ou Adam et Eve viennent croquer la pomme avant de se lier pour la vie.<\/p>\n<p>- Dimension de la salle 120m\u00b2<br \/>\n- Capacit\u00e9 120 pers assis<br \/>\n- Cocktail 300 pers<br \/>\n- Cloitre 70m\u00b2<br \/>\n- Patio 600m\u00b2<br \/>\n- Verger 1 hectare<br \/>\n- Parking 150 places<\/p>\n<\/div><\/div><\/div><\/div><div id=\"x-section-12\" class=\"x-section bg-image parallax\" style=\"margin: 0px;padding: 250px 0px; background-image: url(http:\/\/www.vernelle.fr\/wp-content\/uploads\/2016\/12\/Salon-Saint-Leu-3.jpg); background-color: transparent;\" data-x-element=\"section\" data-x-params=\"{&quot;type&quot;:&quot;image&quot;,&quot;parallax&quot;:true}\"><div id=\"\" class=\"x-container max width\" style=\"margin: 0px auto;padding: 0px;\" ><div  class=\"x-column x-sm x-1-1\" style=\"padding: 0px;\" >&nbsp;<\/div><\/div><\/div><div id=\"x-section-13\" class=\"x-section\" style=\"margin: 0px;padding: 45px 0px 80px; background-color: transparent;\" ><div id=\"\" class=\"x-container max width\" style=\"margin: 0px auto;padding: 0px;\" ><div  class=\"x-column x-sm cs-ta-center x-1-1\" style=\"padding: 0px;\" ><h3  class=\"x-text-type h3\" style=\"font-family: grand hotel; font-size: 50px;\" data-x-element-text-type=\"{&quot;strings&quot;:[&quot;pour c\\u00e9l\\u00e9brer votre mariage&quot;,&quot;en G\\u00eetes et en chambres d&amp;#039;h\\u00f4tes&quot;,&quot;pour l&amp;#039;organisation d&amp;#039;un s\\u00e9minaire&quot;,&quot;pour un anniversaire &quot;,&quot;pour un bapt\\u00eame&quot;,&quot;pour une soir\\u00e9e \\u00e9tudiante &quot;,&quot;pour un tournage &quot;],&quot;type_speed&quot;:50,&quot;start_delay&quot;:0,&quot;back_speed&quot;:50,&quot;back_delay&quot;:3000,&quot;loop&quot;:true,&quot;show_cursor&quot;:true,&quot;cursor&quot;:&quot;|&quot;}\"><span class=\"prefix\">Le Prieur\u00e9 de Vernelle vous accueille <\/span><span class=\"text\"><\/span><span class=\"suffix\">!<\/span><\/h3><div class=\"x-content-area e106-e64 m2y-1\"><div id=\"wp-ratedWA\">\n    <a href=\"https:\/\/www.mariages.net\/domaine-mariage\/le-prieure-de-vernelle--e8151\" title=\"Le Prieur\u00e9 de Vernelle, gagnant Wedding Awards 2018 Mariages.net\"><img loading=\"lazy\" decoding=\"async\" width=\"125\" height=\"125\" alt=\"Le Prieur\u00e9 de Vernelle, gagnant Wedding Awards 2018 Mariages.net\" id=\"wp-ratedWA-img-2018\" src=\"https:\/\/cdn1.mariages.net\/img\/badges\/2018\/badge-weddingawards_fr_FR.jpg\"\/><\/a>\n<\/div>\n    <script type=\"text\/javascript\" src=\"https:\/\/cdn1.mariages.net\/_js\/wp-rated.js?v=4\"><\/script>\n    <script>wpShowRatedWAv3('8151','2018');<\/script>\n<\/div><\/div><\/div><\/div><\/div>","protected":false},"excerpt":{"rendered":"<p>Pr\u00e9sentationAncien Prieur\u00e9 b\u00e9n\u00e9dictin du 12e si\u00e8cle, le Prieur\u00e9 de Vernelle b\u00e9n\u00e9ficie d\u2019un environnement calme et reposant, avec son parc arbor\u00e9 de 20 hectares. Dans une vall\u00e9e prot\u00e9g\u00e9e de l&rsquo;Yerres, le Prieur\u00e9 se situe dans un cadre verdoyant entour\u00e9 de champs et de for\u00eats. Ce site exceptionnel appartient au patrimoine culturel de la Brie Centrale. De nombreux commerces se trouvent dans &#8230; <\/p>\n<div><a href=\"https:\/\/www.vernelle.fr\/\" class=\"more-link\">Read More<\/a><\/div>\n","protected":false},"author":1,"featured_media":0,"parent":0,"menu_order":0,"comment_status":"closed","ping_status":"closed","template":"template-blank-4.php","meta":{"footnotes":""},"class_list":["post-106","page","type-page","status-publish","hentry","no-post-thumbnail"],"_links":{"self":[{"href":"https:\/\/www.vernelle.fr\/index.php\/wp-json\/wp\/v2\/pages\/106","targetHints":{"allow":["GET"]}}],"collection":[{"href":"https:\/\/www.vernelle.fr\/index.php\/wp-json\/wp\/v2\/pages"}],"about":[{"href":"https:\/\/www.vernelle.fr\/index.php\/wp-json\/wp\/v2\/types\/page"}],"author":[{"embeddable":true,"href":"https:\/\/www.vernelle.fr\/index.php\/wp-json\/wp\/v2\/users\/1"}],"replies":[{"embeddable":true,"href":"https:\/\/www.vernelle.fr\/index.php\/wp-json\/wp\/v2\/comments?post=106"}],"version-history":[{"count":151,"href":"https:\/\/www.vernelle.fr\/index.php\/wp-json\/wp\/v2\/pages\/106\/revisions"}],"predecessor-version":[{"id":965,"href":"https:\/\/www.vernelle.fr\/index.php\/wp-json\/wp\/v2\/pages\/106\/revisions\/965"}],"wp:attachment":[{"href":"https:\/\/www.vernelle.fr\/index.php\/wp-json\/wp\/v2\/media?parent=106"}],"curies":[{"name":"wp","href":"https:\/\/api.w.org\/{rel}","templated":true}]}}